{"version":"1.0","provider_name":"III. B\u00e9la Gimn\u00e1zium, M\u0171v\u00e9szeti Szakgimn\u00e1zium \u00e9s Alapfok\u00fa M\u0171v\u00e9szeti Iskola","provider_url":"https:\/\/3belazirc.hu\/wp","author_name":"Radics P\u00e9ter","author_url":"https:\/\/3belazirc.hu\/wp\/author\/admin\/","title":"A digit\u00e1lis tartalomgy\u00e1rt\u00e1s sz\u00e9ps\u00e9gei \u00e9s \u00e1rnyoldala - III. B\u00e9la Gimn\u00e1zium, M\u0171v\u00e9szeti Szakgimn\u00e1zium \u00e9s Alapfok\u00fa M\u0171v\u00e9szeti Iskola","type":"rich","width":600,"height":338,"html":"<blockquote class=\"wp-embedded-content\" data-secret=\"0QksHSigEY\"><a href=\"https:\/\/3belazirc.hu\/wp\/a-digitalis-tartalomgyartas-szepsegei-es-arnyoldala\/\">A digit\u00e1lis tartalomgy\u00e1rt\u00e1s sz\u00e9ps\u00e9gei \u00e9s \u00e1rnyoldala<\/a><\/blockquote><iframe sandbox=\"allow-scripts\" security=\"restricted\" src=\"https:\/\/3belazirc.hu\/wp\/a-digitalis-tartalomgyartas-szepsegei-es-arnyoldala\/embed\/#?secret=0QksHSigEY\" width=\"600\" height=\"338\" title=\"&#8220;A digit\u00e1lis tartalomgy\u00e1rt\u00e1s sz\u00e9ps\u00e9gei \u00e9s \u00e1rnyoldala&#8221; &#8212; III. B\u00e9la Gimn\u00e1zium, M\u0171v\u00e9szeti Szakgimn\u00e1zium \u00e9s Alapfok\u00fa M\u0171v\u00e9szeti Iskola\" data-secret=\"0QksHSigEY\" frameborder=\"0\" marginwidth=\"0\" marginheight=\"0\" scrolling=\"no\" class=\"wp-embedded-content\"><\/iframe><script type=\"text\/javascript\">\n\/* <![CDATA[ *\/\n\/*! This file is auto-generated *\/\n!function(d,l){\"use strict\";l.querySelector&&d.addEventListener&&\"undefined\"!=typeof URL&&(d.wp=d.wp||{},d.wp.receiveEmbedMessage||(d.wp.receiveEmbedMessage=function(e){var t=e.data;if((t||t.secret||t.message||t.value)&&!\/[^a-zA-Z0-9]\/.test(t.secret)){for(var s,r,n,a=l.querySelectorAll('iframe[data-secret=\"'+t.secret+'\"]'),o=l.querySelectorAll('blockquote[data-secret=\"'+t.secret+'\"]'),c=new RegExp(\"^https?:$\",\"i\"),i=0;i<o.length;i++)o[i].style.display=\"none\";for(i=0;i<a.length;i++)s=a[i],e.source===s.contentWindow&&(s.removeAttribute(\"style\"),\"height\"===t.message?(1e3<(r=parseInt(t.value,10))?r=1e3:~~r<200&&(r=200),s.height=r):\"link\"===t.message&&(r=new URL(s.getAttribute(\"src\")),n=new URL(t.value),c.test(n.protocol))&&n.host===r.host&&l.activeElement===s&&(d.top.location.href=t.value))}},d.addEventListener(\"message\",d.wp.receiveEmbedMessage,!1),l.addEventListener(\"DOMContentLoaded\",function(){for(var e,t,s=l.querySelectorAll(\"iframe.wp-embedded-content\"),r=0;r<s.length;r++)(t=(e=s[r]).getAttribute(\"data-secret\"))||(t=Math.random().toString(36).substring(2,12),e.src+=\"#?secret=\"+t,e.setAttribute(\"data-secret\",t)),e.contentWindow.postMessage({message:\"ready\",secret:t},\"*\")},!1)))}(window,document);\n\/\/# sourceURL=https:\/\/3belazirc.hu\/wp\/wp-includes\/js\/wp-embed.min.js\n\/* ]]> *\/\n<\/script>\n","thumbnail_url":"https:\/\/3belazirc.hu\/wp\/wp-content\/uploads\/2024\/03\/Balna2.jpg","thumbnail_width":1043,"thumbnail_height":559,"description":"Vend\u00e9g\u00fcnk volt B\u00e1lna Varga Marcell, vagy ahogy sokan ismerik Bennsz\u00fcl\u00f6tt B\u00e1lna, digit\u00e1lis tartalomgy\u00e1rt\u00f3 tartott febru\u00e1r v\u00e9g\u00e9n rendhagy\u00f3 m\u00e9dia \u00f3r\u00e1t az \u00e9retts\u00e9gi el\u0151tt \u00e1ll\u00f3 fakult\u00e1ci\u00f3s csoportoknak. K\u00f6zvetlen\u00fcl \u00e9s sz\u00edvesen besz\u00e9lt munk\u00e1j\u00e1r\u00f3l. El\u0151ad\u00e1s\u00e1ban sz\u00f3 volt a mai vloggerek, influenszerek, youtuberek fogalm\u00e1r\u00f3l \u00e9s motiv\u00e1ci\u00f3ir\u00f3l, saj\u00e1t tapasztalatok megoszt\u00e1s\u00e1ra is kit\u00e9rt a napi feladatokkal, az akt\u00edv tartalomgy\u00e1rt\u00e1ssal kapcsolatban. \u00c9rdekelt benn\u00fcnket..."}