{"version":"1.0","provider_name":"III. B\u00e9la Gimn\u00e1zium, M\u0171v\u00e9szeti Szakgimn\u00e1zium \u00e9s Alapfok\u00fa M\u0171v\u00e9szeti Iskola","provider_url":"https:\/\/3belazirc.hu\/wp","author_name":"Radics P\u00e9ter","author_url":"https:\/\/3belazirc.hu\/wp\/author\/admin\/","title":"Rendhagy\u00f3 irodalom\u00f3ra - A k\u00f6nyvkiad\u00e1s r\u00f6g\u00f6s \u00fatjain - III. B\u00e9la Gimn\u00e1zium, M\u0171v\u00e9szeti Szakgimn\u00e1zium \u00e9s Alapfok\u00fa M\u0171v\u00e9szeti Iskola","type":"rich","width":600,"height":338,"html":"<blockquote class=\"wp-embedded-content\" data-secret=\"XJWq0ZoT7I\"><a href=\"https:\/\/3belazirc.hu\/wp\/rendhagyo-irodalomora-a-konyvkiadas-rogos-utjain\/\">Rendhagy\u00f3 irodalom\u00f3ra &#8211; A k\u00f6nyvkiad\u00e1s r\u00f6g\u00f6s \u00fatjain<\/a><\/blockquote><iframe sandbox=\"allow-scripts\" security=\"restricted\" src=\"https:\/\/3belazirc.hu\/wp\/rendhagyo-irodalomora-a-konyvkiadas-rogos-utjain\/embed\/#?secret=XJWq0ZoT7I\" width=\"600\" height=\"338\" title=\"&#8220;Rendhagy\u00f3 irodalom\u00f3ra &#8211; A k\u00f6nyvkiad\u00e1s r\u00f6g\u00f6s \u00fatjain&#8221; &#8212; III. B\u00e9la Gimn\u00e1zium, M\u0171v\u00e9szeti Szakgimn\u00e1zium \u00e9s Alapfok\u00fa M\u0171v\u00e9szeti Iskola\" data-secret=\"XJWq0ZoT7I\" frameborder=\"0\" marginwidth=\"0\" marginheight=\"0\" scrolling=\"no\" class=\"wp-embedded-content\"><\/iframe><script type=\"text\/javascript\">\n\/* <![CDATA[ *\/\n\/*! This file is auto-generated *\/\n!function(d,l){\"use strict\";l.querySelector&&d.addEventListener&&\"undefined\"!=typeof URL&&(d.wp=d.wp||{},d.wp.receiveEmbedMessage||(d.wp.receiveEmbedMessage=function(e){var t=e.data;if((t||t.secret||t.message||t.value)&&!\/[^a-zA-Z0-9]\/.test(t.secret)){for(var s,r,n,a=l.querySelectorAll('iframe[data-secret=\"'+t.secret+'\"]'),o=l.querySelectorAll('blockquote[data-secret=\"'+t.secret+'\"]'),c=new RegExp(\"^https?:$\",\"i\"),i=0;i<o.length;i++)o[i].style.display=\"none\";for(i=0;i<a.length;i++)s=a[i],e.source===s.contentWindow&&(s.removeAttribute(\"style\"),\"height\"===t.message?(1e3<(r=parseInt(t.value,10))?r=1e3:~~r<200&&(r=200),s.height=r):\"link\"===t.message&&(r=new URL(s.getAttribute(\"src\")),n=new URL(t.value),c.test(n.protocol))&&n.host===r.host&&l.activeElement===s&&(d.top.location.href=t.value))}},d.addEventListener(\"message\",d.wp.receiveEmbedMessage,!1),l.addEventListener(\"DOMContentLoaded\",function(){for(var e,t,s=l.querySelectorAll(\"iframe.wp-embedded-content\"),r=0;r<s.length;r++)(t=(e=s[r]).getAttribute(\"data-secret\"))||(t=Math.random().toString(36).substring(2,12),e.src+=\"#?secret=\"+t,e.setAttribute(\"data-secret\",t)),e.contentWindow.postMessage({message:\"ready\",secret:t},\"*\")},!1)))}(window,document);\n\/\/# sourceURL=https:\/\/3belazirc.hu\/wp\/wp-includes\/js\/wp-embed.min.js\n\/* ]]> *\/\n<\/script>\n","thumbnail_url":"https:\/\/3belazirc.hu\/wp\/wp-content\/uploads\/2026\/04\/1-1.jpg","thumbnail_width":1000,"thumbnail_height":658,"description":"A 11.A. oszt\u00e1ly vend\u00e9gei voltak Csaba Lilla \u00edr\u00f3 \u00e9s Luk\u00e1cs Ildik\u00f3 fest\u0151m\u0171v\u00e9sz. \u00a0A rendhagy\u00f3 irodalom\u00f3r\u00e1n besz\u00e9ltek a k\u00f6nyvkiad\u00e1s, az illusztr\u00e1l\u00e1s vil\u00e1g\u00e1nak neh\u00e9zs\u00e9geir\u0151l, ugyanakkor szem\u00e9lyes k\u00fczdelmek, nem mindennapi \u00e9letutak, illetve a lehetetlenen val\u00f3 fel\u00fclkereked\u00e9s is helyet kapott el\u0151ad\u00e1sukban. Csaba Lilla sz\u00f3noki k\u00e9pess\u00e9ggel mes\u00e9lt szem\u00e9lyes tapasztalatair\u00f3l, hogy \u00e9let\u00e9ben maga az \u00edr\u00e1s \u00e9s a k\u00f6nyvek mik\u00e9pp jelentek meg,..."}